{"version":"1.0","provider_name":"Spacing Montreal","provider_url":"https:\/\/spacing.ca\/montreal","author_name":"C\u00e9dric Sam","author_url":"https:\/\/spacing.ca\/montreal\/author\/cedric\/","title":"Avant et apr\u00e8s la temp\u00eate... - Spacing Montreal","type":"rich","width":600,"height":338,"html":"<blockquote class=\"wp-embedded-content\" data-secret=\"yBuwqwVZ9z\"><a href=\"https:\/\/spacing.ca\/montreal\/2007\/12\/04\/avant-et-apres-la-tempete\/\">Avant et apr\u00e8s la temp\u00eate&#8230;<\/a><\/blockquote><iframe sandbox=\"allow-scripts\" security=\"restricted\" src=\"https:\/\/spacing.ca\/montreal\/2007\/12\/04\/avant-et-apres-la-tempete\/embed\/#?secret=yBuwqwVZ9z\" width=\"600\" height=\"338\" title=\"&#8220;Avant et apr\u00e8s la temp\u00eate&#8230;&#8221; &#8212; Spacing Montreal\" data-secret=\"yBuwqwVZ9z\" frameborder=\"0\" marginwidth=\"0\" marginheight=\"0\" scrolling=\"no\" class=\"wp-embedded-content\"><\/iframe><script>\n\/*! This file is auto-generated *\/\n!function(d,l){\"use strict\";l.querySelector&&d.addEventListener&&\"undefined\"!=typeof URL&&(d.wp=d.wp||{},d.wp.receiveEmbedMessage||(d.wp.receiveEmbedMessage=function(e){var t=e.data;if((t||t.secret||t.message||t.value)&&!\/[^a-zA-Z0-9]\/.test(t.secret)){for(var s,r,n,a=l.querySelectorAll('iframe[data-secret=\"'+t.secret+'\"]'),o=l.querySelectorAll('blockquote[data-secret=\"'+t.secret+'\"]'),c=new RegExp(\"^https?:$\",\"i\"),i=0;i<o.length;i++)o[i].style.display=\"none\";for(i=0;i<a.length;i++)s=a[i],e.source===s.contentWindow&&(s.removeAttribute(\"style\"),\"height\"===t.message?(1e3<(r=parseInt(t.value,10))?r=1e3:~~r<200&&(r=200),s.height=r):\"link\"===t.message&&(r=new URL(s.getAttribute(\"src\")),n=new URL(t.value),c.test(n.protocol))&&n.host===r.host&&l.activeElement===s&&(d.top.location.href=t.value))}},d.addEventListener(\"message\",d.wp.receiveEmbedMessage,!1),l.addEventListener(\"DOMContentLoaded\",function(){for(var e,t,s=l.querySelectorAll(\"iframe.wp-embedded-content\"),r=0;r<s.length;r++)(t=(e=s[r]).getAttribute(\"data-secret\"))||(t=Math.random().toString(36).substring(2,12),e.src+=\"#?secret=\"+t,e.setAttribute(\"data-secret\",t)),e.contentWindow.postMessage({message:\"ready\",secret:t},\"*\")},!1)))}(window,document);\n<\/script>\n","description":"En pr\u00e9vision de notre premi\u00e8re super grosse de l&#8217;ann\u00e9e (jugez-en par l&#8217;impressionnante liste d&#8217;\u00e9tablissements scolaires ferm\u00e9s), je m&#8217;\u00e9tais donn\u00e9 comme d\u00e9fi de documenter visuellement le avant et apr\u00e8s du passage d&#8217;une temp\u00eate de neige autour du p\u00e2telin o\u00f9 j&#8217;habite. Les photos d&#8217;avant ont \u00e9t\u00e9 prises le dimanche 2 d\u00e9cembre, 2007 vers 15 h 30, etContinue reading","thumbnail_url":"http:\/\/farm3.static.flickr.com\/2111\/2082524264_d4c62c8e49_m.jpg"}